{"id":358650,"date":"2026-04-08T08:48:18","date_gmt":"2026-04-08T06:48:18","guid":{"rendered":"https:\/\/lalmachine.com\/?post_type=product&#038;p=358650"},"modified":"2026-04-08T08:48:19","modified_gmt":"2026-04-08T06:48:19","slug":"assiette-en-ceramique-sant-vicens-jean-lurcat","status":"publish","type":"product","link":"https:\/\/lalmachine.com\/de\/shop\/decorer\/art-and-co\/assiette-en-ceramique-sant-vicens-jean-lurcat\/","title":{"rendered":"Assiette en c\u00e9ramique Sant-Vicens Jean Lur\u00e7at"},"content":{"rendered":"<ul class=\"wpuf_customs\"><li style=\"list-style-type:none;\"><label>Autres photos:<\/label> <a href=\"https:\/\/lalmachine.com\/wp-content\/uploads\/2026\/04\/D07FF565-ED7B-4DDC-9BC4-5BEFFFDC2C4A_1_201_a-1.jpeg\"><img loading=\"lazy\" decoding=\"async\" width=\"95\" height=\"96\" src=\"https:\/\/lalmachine.com\/wp-content\/uploads\/2026\/04\/D07FF565-ED7B-4DDC-9BC4-5BEFFFDC2C4A_1_201_a-1.jpeg\" class=\"attachment-thumbnail size-thumbnail\" alt=\"\" \/><\/a> <a href=\"https:\/\/lalmachine.com\/wp-content\/uploads\/2026\/04\/CFF121FB-DE04-42D1-B2AC-60ADDFBB0F5D-scaled.jpeg\"><img loading=\"lazy\" decoding=\"async\" width=\"72\" height=\"96\" src=\"https:\/\/lalmachine.com\/wp-content\/uploads\/2026\/04\/CFF121FB-DE04-42D1-B2AC-60ADDFBB0F5D-scaled.jpeg\" class=\"attachment-thumbnail size-thumbnail\" alt=\"\" \/><\/a> <a href=\"https:\/\/lalmachine.com\/wp-content\/uploads\/2026\/04\/1F74CE28-54FF-4997-B035-93E604728DD9_1_201_a.jpeg\"><img loading=\"lazy\" decoding=\"async\" width=\"128\" height=\"43\" src=\"https:\/\/lalmachine.com\/wp-content\/uploads\/2026\/04\/1F74CE28-54FF-4997-B035-93E604728DD9_1_201_a.jpeg\" class=\"attachment-thumbnail size-thumbnail\" alt=\"\" \/><\/a> <a href=\"https:\/\/lalmachine.com\/wp-content\/uploads\/2026\/04\/C316C1F2-828C-4565-9996-BFC62C9173A5_1_201_a.jpeg\"><img loading=\"lazy\" decoding=\"async\" width=\"86\" height=\"96\" src=\"https:\/\/lalmachine.com\/wp-content\/uploads\/2026\/04\/C316C1F2-828C-4565-9996-BFC62C9173A5_1_201_a.jpeg\" class=\"attachment-thumbnail size-thumbnail\" alt=\"\" \/><\/a> <\/li>        <li class=\"wpuf-field-data wpuf-field-data-numeric_text_field\">\n                            <label>Prix:<\/label>\n                        250        <\/li>\n                <li class=\"wpuf-field-data wpuf-field-data-numeric_text_field\">\n                            <label>Quantit\u00e9:<\/label>\n                        1        <\/li>\n                <li class=\"wpuf-field-data wpuf-field-data-numeric_text_field\">\n                            <label>Hauteur (cm):<\/label>\n                        2        <\/li>\n                <li class=\"wpuf-field-data wpuf-field-data-numeric_text_field\">\n                            <label>Largeur (cm):<\/label>\n                        25        <\/li>\n                <li class=\"wpuf-field-data wpuf-field-data-numeric_text_field\">\n                            <label>Profondeur (cm):<\/label>\n                        25        <\/li>\n        <\/ul>","protected":false},"excerpt":{"rendered":"<p>Assiette avec d\u00e9cor fait main. Sign\u00e9e au revers &#8211; J.L \/ Sant-Vicens<br \/>\nJean Lur\u00e7at (1892-1966)<br \/>\n\u00d8 25 &#8211; hauteur 2.5 cm<br \/>\n\u00c0 partir de 1951, Lur\u00e7at s\u00e9journe r\u00e9guli\u00e8rement \u00e0 Sant Vicens (\u00e0 Perpignan dans les Pyr\u00e9n\u00e9es-Orientales), un centre potier cr\u00e9\u00e9 par Firmin Bauby. Il y travaille la c\u00e9ramique en d\u00e9corant plats, assiettes, carreaux, pichets, vases.<\/p>","protected":false},"featured_media":358739,"template":"","meta":{"_et_pb_use_builder":"","_et_pb_old_content":"","_et_gb_content_width":""},"product_brand":[],"product_cat":[365,50],"product_tag":[],"proximite":[277,179],"class_list":{"0":"post-358650","1":"product","2":"type-product","3":"status-publish","4":"has-post-thumbnail","6":"product_cat-art-and-co","7":"product_cat-decorer","8":"product_shipping_class-fragile-8-5","9":"pa_couleur-multicolore","10":"pa_etat-tres-bon-etat","11":"pa_materiau-ceramique","12":"pa_style-vintage","13":"proximite-jura-nord-vaudois","14":"proximite-vaud","16":"first","17":"instock","18":"shipping-taxable","19":"purchasable","20":"product-type-simple"},"yoast_head":"<!-- This site is optimized with the Yoast SEO plugin v27.4 - https:\/\/yoast.com\/product\/yoast-seo-wordpress\/ -->\n<title>Assiette en c\u00e9ramique Sant-Vicens Jean Lur\u00e7at | lalmachine.com, mobilier et objets d\u00e9co vintage et design<\/title>\n<meta name=\"description\" content=\"Assiette en c\u00e9ramique Sant-Vicens Jean Lur\u00e7at\" \/>\n<meta name=\"robots\" content=\"index, follow, max-snippet:-1, max-image-preview:large, max-video-preview:-1\" \/>\n<link rel=\"canonical\" href=\"https:\/\/lalmachine.com\/de\/shop\/decorer\/art-and-co\/assiette-en-ceramique-sant-vicens-jean-lurcat\/\" \/>\n<meta property=\"og:locale\" content=\"de_DE\" \/>\n<meta property=\"og:type\" content=\"article\" \/>\n<meta property=\"og:title\" content=\"Assiette en c\u00e9ramique Sant-Vicens Jean Lur\u00e7at | lalmachine.com, mobilier et objets d\u00e9co vintage et design\" \/>\n<meta property=\"og:description\" content=\"Assiette en c\u00e9ramique Sant-Vicens Jean Lur\u00e7at\" \/>\n<meta property=\"og:url\" content=\"https:\/\/lalmachine.com\/de\/shop\/decorer\/art-and-co\/assiette-en-ceramique-sant-vicens-jean-lurcat\/\" \/>\n<meta property=\"og:site_name\" content=\"lalmachine.com\" \/>\n<meta property=\"article:publisher\" content=\"https:\/\/facebook.com\/lalmachine\" \/>\n<meta property=\"article:modified_time\" content=\"2026-04-08T06:48:19+00:00\" \/>\n<meta property=\"og:image\" content=\"https:\/\/lalmachine.com\/wp-content\/uploads\/2026\/04\/D07FF565-ED7B-4DDC-9BC4-5BEFFFDC2C4A_1_201_a_clipped_rev_1.jpeg\" \/>\n\t<meta property=\"og:image:width\" content=\"2450\" \/>\n\t<meta property=\"og:image:height\" content=\"2450\" \/>\n\t<meta property=\"og:image:type\" content=\"image\/jpeg\" \/>\n<meta name=\"twitter:card\" content=\"summary_large_image\" \/>\n<script type=\"application\/ld+json\" class=\"yoast-schema-graph\">{\"@context\":\"https:\\\/\\\/schema.org\",\"@graph\":[{\"@type\":\"WebPage\",\"@id\":\"https:\\\/\\\/lalmachine.com\\\/shop\\\/decorer\\\/art-and-co\\\/assiette-en-ceramique-sant-vicens-jean-lurcat\\\/\",\"url\":\"https:\\\/\\\/lalmachine.com\\\/shop\\\/decorer\\\/art-and-co\\\/assiette-en-ceramique-sant-vicens-jean-lurcat\\\/\",\"name\":\"Assiette en c\u00e9ramique Sant-Vicens Jean Lur\u00e7at | lalmachine.com, mobilier et objets d\u00e9co vintage et design\",\"isPartOf\":{\"@id\":\"https:\\\/\\\/lalmachine.com\\\/#website\"},\"primaryImageOfPage\":{\"@id\":\"https:\\\/\\\/lalmachine.com\\\/shop\\\/decorer\\\/art-and-co\\\/assiette-en-ceramique-sant-vicens-jean-lurcat\\\/#primaryimage\"},\"image\":{\"@id\":\"https:\\\/\\\/lalmachine.com\\\/shop\\\/decorer\\\/art-and-co\\\/assiette-en-ceramique-sant-vicens-jean-lurcat\\\/#primaryimage\"},\"thumbnailUrl\":\"https:\\\/\\\/lalmachine.com\\\/wp-content\\\/uploads\\\/2026\\\/04\\\/D07FF565-ED7B-4DDC-9BC4-5BEFFFDC2C4A_1_201_a_clipped_rev_1.jpeg\",\"datePublished\":\"2026-04-08T06:48:18+00:00\",\"dateModified\":\"2026-04-08T06:48:19+00:00\",\"description\":\"Assiette en c\u00e9ramique Sant-Vicens Jean Lur\u00e7at\",\"breadcrumb\":{\"@id\":\"https:\\\/\\\/lalmachine.com\\\/shop\\\/decorer\\\/art-and-co\\\/assiette-en-ceramique-sant-vicens-jean-lurcat\\\/#breadcrumb\"},\"inLanguage\":\"de\",\"potentialAction\":[{\"@type\":\"ReadAction\",\"target\":[\"https:\\\/\\\/lalmachine.com\\\/shop\\\/decorer\\\/art-and-co\\\/assiette-en-ceramique-sant-vicens-jean-lurcat\\\/\"]}]},{\"@type\":\"ImageObject\",\"inLanguage\":\"de\",\"@id\":\"https:\\\/\\\/lalmachine.com\\\/shop\\\/decorer\\\/art-and-co\\\/assiette-en-ceramique-sant-vicens-jean-lurcat\\\/#primaryimage\",\"url\":\"https:\\\/\\\/lalmachine.com\\\/wp-content\\\/uploads\\\/2026\\\/04\\\/D07FF565-ED7B-4DDC-9BC4-5BEFFFDC2C4A_1_201_a_clipped_rev_1.jpeg\",\"contentUrl\":\"https:\\\/\\\/lalmachine.com\\\/wp-content\\\/uploads\\\/2026\\\/04\\\/D07FF565-ED7B-4DDC-9BC4-5BEFFFDC2C4A_1_201_a_clipped_rev_1.jpeg\",\"width\":2450,\"height\":2450,\"caption\":\"Assiette en c\u00e9ramique Sant-Vicens Jean Lur\u00e7at\"},{\"@type\":\"BreadcrumbList\",\"@id\":\"https:\\\/\\\/lalmachine.com\\\/shop\\\/decorer\\\/art-and-co\\\/assiette-en-ceramique-sant-vicens-jean-lurcat\\\/#breadcrumb\",\"itemListElement\":[{\"@type\":\"ListItem\",\"position\":1,\"name\":\"Accueil\",\"item\":\"https:\\\/\\\/lalmachine.com\\\/\"},{\"@type\":\"ListItem\",\"position\":2,\"name\":\"Shop\",\"item\":\"https:\\\/\\\/lalmachine.com\\\/shop\\\/\"},{\"@type\":\"ListItem\",\"position\":3,\"name\":\"Assiette en c\u00e9ramique Sant-Vicens Jean Lur\u00e7at\"}]},{\"@type\":\"WebSite\",\"@id\":\"https:\\\/\\\/lalmachine.com\\\/#website\",\"url\":\"https:\\\/\\\/lalmachine.com\\\/\",\"name\":\"lalmachine.com\",\"description\":\"Brocante en ligne Suisse | Mobilier et objets d\u00e9co vintage et design\",\"potentialAction\":[{\"@type\":\"SearchAction\",\"target\":{\"@type\":\"EntryPoint\",\"urlTemplate\":\"https:\\\/\\\/lalmachine.com\\\/?s={search_term_string}\"},\"query-input\":{\"@type\":\"PropertyValueSpecification\",\"valueRequired\":true,\"valueName\":\"search_term_string\"}}],\"inLanguage\":\"de\"}]}<\/script>\n<!-- \/ Yoast SEO plugin. -->","yoast_head_json":{"title":"Assiette en c\u00e9ramique Sant-Vicens Jean Lur\u00e7at | lalmachine.com, mobilier et objets d\u00e9co vintage et design","description":"Assiette en c\u00e9ramique Sant-Vicens Jean Lur\u00e7at","robots":{"index":"index","follow":"follow","max-snippet":"max-snippet:-1","max-image-preview":"max-image-preview:large","max-video-preview":"max-video-preview:-1"},"canonical":"https:\/\/lalmachine.com\/de\/shop\/decorer\/art-and-co\/assiette-en-ceramique-sant-vicens-jean-lurcat\/","og_locale":"de_DE","og_type":"article","og_title":"Assiette en c\u00e9ramique Sant-Vicens Jean Lur\u00e7at | lalmachine.com, mobilier et objets d\u00e9co vintage et design","og_description":"Assiette en c\u00e9ramique Sant-Vicens Jean Lur\u00e7at","og_url":"https:\/\/lalmachine.com\/de\/shop\/decorer\/art-and-co\/assiette-en-ceramique-sant-vicens-jean-lurcat\/","og_site_name":"lalmachine.com","article_publisher":"https:\/\/facebook.com\/lalmachine","article_modified_time":"2026-04-08T06:48:19+00:00","og_image":[{"width":2450,"height":2450,"url":"https:\/\/lalmachine.com\/wp-content\/uploads\/2026\/04\/D07FF565-ED7B-4DDC-9BC4-5BEFFFDC2C4A_1_201_a_clipped_rev_1.jpeg","type":"image\/jpeg"}],"twitter_card":"summary_large_image","schema":{"@context":"https:\/\/schema.org","@graph":[{"@type":"WebPage","@id":"https:\/\/lalmachine.com\/shop\/decorer\/art-and-co\/assiette-en-ceramique-sant-vicens-jean-lurcat\/","url":"https:\/\/lalmachine.com\/shop\/decorer\/art-and-co\/assiette-en-ceramique-sant-vicens-jean-lurcat\/","name":"Assiette en c\u00e9ramique Sant-Vicens Jean Lur\u00e7at | lalmachine.com, mobilier et objets d\u00e9co vintage et design","isPartOf":{"@id":"https:\/\/lalmachine.com\/#website"},"primaryImageOfPage":{"@id":"https:\/\/lalmachine.com\/shop\/decorer\/art-and-co\/assiette-en-ceramique-sant-vicens-jean-lurcat\/#primaryimage"},"image":{"@id":"https:\/\/lalmachine.com\/shop\/decorer\/art-and-co\/assiette-en-ceramique-sant-vicens-jean-lurcat\/#primaryimage"},"thumbnailUrl":"https:\/\/lalmachine.com\/wp-content\/uploads\/2026\/04\/D07FF565-ED7B-4DDC-9BC4-5BEFFFDC2C4A_1_201_a_clipped_rev_1.jpeg","datePublished":"2026-04-08T06:48:18+00:00","dateModified":"2026-04-08T06:48:19+00:00","description":"Assiette en c\u00e9ramique Sant-Vicens Jean Lur\u00e7at","breadcrumb":{"@id":"https:\/\/lalmachine.com\/shop\/decorer\/art-and-co\/assiette-en-ceramique-sant-vicens-jean-lurcat\/#breadcrumb"},"inLanguage":"de","potentialAction":[{"@type":"ReadAction","target":["https:\/\/lalmachine.com\/shop\/decorer\/art-and-co\/assiette-en-ceramique-sant-vicens-jean-lurcat\/"]}]},{"@type":"ImageObject","inLanguage":"de","@id":"https:\/\/lalmachine.com\/shop\/decorer\/art-and-co\/assiette-en-ceramique-sant-vicens-jean-lurcat\/#primaryimage","url":"https:\/\/lalmachine.com\/wp-content\/uploads\/2026\/04\/D07FF565-ED7B-4DDC-9BC4-5BEFFFDC2C4A_1_201_a_clipped_rev_1.jpeg","contentUrl":"https:\/\/lalmachine.com\/wp-content\/uploads\/2026\/04\/D07FF565-ED7B-4DDC-9BC4-5BEFFFDC2C4A_1_201_a_clipped_rev_1.jpeg","width":2450,"height":2450,"caption":"Assiette en c\u00e9ramique Sant-Vicens Jean Lur\u00e7at"},{"@type":"BreadcrumbList","@id":"https:\/\/lalmachine.com\/shop\/decorer\/art-and-co\/assiette-en-ceramique-sant-vicens-jean-lurcat\/#breadcrumb","itemListElement":[{"@type":"ListItem","position":1,"name":"Accueil","item":"https:\/\/lalmachine.com\/"},{"@type":"ListItem","position":2,"name":"Shop","item":"https:\/\/lalmachine.com\/shop\/"},{"@type":"ListItem","position":3,"name":"Assiette en c\u00e9ramique Sant-Vicens Jean Lur\u00e7at"}]},{"@type":"WebSite","@id":"https:\/\/lalmachine.com\/#website","url":"https:\/\/lalmachine.com\/","name":"lalmachine.com","description":"Brocante en ligne Suisse | Mobilier et objets d\u00e9co vintage et design","potentialAction":[{"@type":"SearchAction","target":{"@type":"EntryPoint","urlTemplate":"https:\/\/lalmachine.com\/?s={search_term_string}"},"query-input":{"@type":"PropertyValueSpecification","valueRequired":true,"valueName":"search_term_string"}}],"inLanguage":"de"}]}},"_links":{"self":[{"href":"https:\/\/lalmachine.com\/de\/wp-json\/wp\/v2\/product\/358650","targetHints":{"allow":["GET"]}}],"collection":[{"href":"https:\/\/lalmachine.com\/de\/wp-json\/wp\/v2\/product"}],"about":[{"href":"https:\/\/lalmachine.com\/de\/wp-json\/wp\/v2\/types\/product"}],"wp:featuredmedia":[{"embeddable":true,"href":"https:\/\/lalmachine.com\/de\/wp-json\/wp\/v2\/media\/358739"}],"wp:attachment":[{"href":"https:\/\/lalmachine.com\/de\/wp-json\/wp\/v2\/media?parent=358650"}],"wp:term":[{"taxonomy":"product_brand","embeddable":true,"href":"https:\/\/lalmachine.com\/de\/wp-json\/wp\/v2\/product_brand?post=358650"},{"taxonomy":"product_cat","embeddable":true,"href":"https:\/\/lalmachine.com\/de\/wp-json\/wp\/v2\/product_cat?post=358650"},{"taxonomy":"product_tag","embeddable":true,"href":"https:\/\/lalmachine.com\/de\/wp-json\/wp\/v2\/product_tag?post=358650"},{"taxonomy":"proximite","embeddable":true,"href":"https:\/\/lalmachine.com\/de\/wp-json\/wp\/v2\/proximite?post=358650"}],"curies":[{"name":"wp","href":"https:\/\/api.w.org\/{rel}","templated":true}]}}